{"id":2248,"date":"2026-04-01T16:30:40","date_gmt":"2026-04-01T15:30:40","guid":{"rendered":"https:\/\/nosoloboleros.com\/artistas-apt\/carla-vega-marianne-robiou-poject\/"},"modified":"2026-04-13T22:25:19","modified_gmt":"2026-04-13T21:25:19","slug":"carla-vega-marianne-robiou-poject","status":"publish","type":"artistas","link":"https:\/\/nosoloboleros.com\/de\/artistas-apt\/carla-vega-marianne-robiou-poject\/","title":{"rendered":"CARLA VEGA + MARIANNE ROBIOU POJECT"},"content":{"rendered":"<p>\ud83d\udccd Parque de Las Mantecas, La Laguna<br \/>\n\ud83d\udcc5 27. April<br \/>\n\ud83d\udd63 19:00 h.<\/p>\n<p>\ud83c\udf9f\ufe0f Eintritt frei, bis alle Pl\u00e4tze belegt sind<\/p>\n<p data-start=\"1525\" data-end=\"1956\"><strong>N\u00d3BO<\/strong> \u00b7 No S\u00f3lo Boleros kommt am 27. April zu den Fiestas de Las Mantecas in La Laguna mit einer besonderen Veranstaltung, die <strong>zwei unterschiedliche Auftritte an einem Abend vereint<\/strong>. Den Auftakt macht <strong>Carla Vega<\/strong>, eine K\u00fcnstlerin von gro\u00dfer Sensibilit\u00e4t und besonderer B\u00fchnenpr\u00e4senz, gefolgt von <strong>Marianne Robiou Project<\/strong>, die anschlie\u00dfend gemeinsam mit ihrer Band mit einem musikalisch umfangreicheren Set auf der B\u00fchne stehen wird.<\/p>\n<p data-start=\"1958\" data-end=\"2388\">Ab <strong>19:00<\/strong> Uhr kann sich das Publikum auf zwei Konzerte mit jeweils eigener Pers\u00f6nlichkeit freuen, die ein abwechslungsreiches, dynamisches und nuancenreiches Erlebnis versprechen. Eine neue Station von <strong>N\u00d3BO<\/strong> in <strong>La Laguna<\/strong>, die den offenen Charakter des Festivals unterstreicht: ein Zyklus, der die emotionale Essenz des Bolero bewahrt und zugleich dazu einl\u00e4dt, andere Stimmen, Stile und Formen des Live-Musikerlebens zu entdecken.<\/p>\n<p><iframe loading=\"lazy\" title=\"CARLA VEGA canta MARIPOSA AZUL\" width=\"500\" height=\"281\" src=\"https:\/\/www.youtube.com\/embed\/FbDjCFfvspI?start=10&#038;feature=oembed\" frameborder=\"0\" allow=\"accelerometer; autoplay; clipboard-write; encrypted-media; gyroscope; picture-in-picture; web-share\" referrerpolicy=\"strict-origin-when-cross-origin\" allowfullscreen><\/iframe><\/p>\n<p><iframe loading=\"lazy\" title=\"Marianne Robiou Project concert in Las Palmas Gran Canaria junio 2022 Palacete Rodr\u00edguez Quegles\" width=\"500\" height=\"281\" src=\"https:\/\/www.youtube.com\/embed\/CJFg_HPaPtY?feature=oembed\" frameborder=\"0\" allow=\"accelerometer; autoplay; clipboard-write; encrypted-media; gyroscope; picture-in-picture; web-share\" referrerpolicy=\"strict-origin-when-cross-origin\" allowfullscreen><\/iframe><\/p>\n","protected":false},"featured_media":2246,"template":"page-templates\/single-artista.php","class_list":{"0":"post-2248","1":"artistas","2":"type-artistas","3":"status-publish","4":"has-post-thumbnail","6":"entry"},"_links":{"self":[{"href":"https:\/\/nosoloboleros.com\/de\/wp-json\/wp\/v2\/artistas\/2248","targetHints":{"allow":["GET"]}}],"collection":[{"href":"https:\/\/nosoloboleros.com\/de\/wp-json\/wp\/v2\/artistas"}],"about":[{"href":"https:\/\/nosoloboleros.com\/de\/wp-json\/wp\/v2\/types\/artistas"}],"wp:featuredmedia":[{"embeddable":true,"href":"https:\/\/nosoloboleros.com\/de\/wp-json\/wp\/v2\/media\/2246"}],"wp:attachment":[{"href":"https:\/\/nosoloboleros.com\/de\/wp-json\/wp\/v2\/media?parent=2248"}],"curies":[{"name":"wp","href":"https:\/\/api.w.org\/{rel}","templated":true}]}}