{"id":2232,"date":"2026-04-01T17:05:55","date_gmt":"2026-04-01T16:05:55","guid":{"rendered":"https:\/\/nosoloboleros.com\/artistas-apt\/alba-serrano-cristobal-montesdeoca\/"},"modified":"2026-04-13T20:37:07","modified_gmt":"2026-04-13T19:37:07","slug":"alba-serrano-cristobal-montesdeoca","status":"publish","type":"artistas","link":"https:\/\/nosoloboleros.com\/de\/artistas-apt\/alba-serrano-cristobal-montesdeoca\/","title":{"rendered":"ALBA SERRANO &#038; CRIST\u00d3BAL MONTESDEOCA"},"content":{"rendered":"<p>\ud83d\udccd Sala Faro, Las Palmas de Gran Canaria<br \/>\n\ud83d\udcc5 26. April<br \/>\n\ud83d\udd63 20:00 h.<\/p>\n<p>\ud83c\udf9f\ufe0f Tickets jetzt im Verkauf: <a href=\"https:\/\/entradium.com\/organizers\/sala-faro\" target=\"_blank\" rel=\"noopener\">entradium.com\/sala-faro<\/a><\/p>\n<p data-start=\"3774\" data-end=\"4059\"><strong>Alba Serrano y Crist\u00f3bal Montesdeoca<\/strong> bilden ein Duo, das durch seine musikalische Verst\u00e4ndigung, interpretatorische Sensibilit\u00e4t und die F\u00e4higkeit zu einem nahen und eigenst\u00e4ndigen Live-Auftritt \u00fcberzeugt. Zwei k\u00fcnstlerische Stimmen, die \u00fcber Emotion, Nuance und ehrliche B\u00fchnenpr\u00e4senz miteinander in Dialog treten.<\/p>\n<p data-start=\"3774\" data-end=\"4059\">Ihr Auftritt in der <strong>Sala Faro<\/strong> bringt <strong>N\u00d3BO<\/strong> \u00b7 No S\u00f3lo Boleros nach <strong>Las Palmas de Gran Canaria<\/strong> mit einem sorgf\u00e4ltigen, eleganten und publikumsnahen Vorschlag. Eine hervorragende Gelegenheit, ein Konzert mit eigener Handschrift bei einem der H\u00f6hepunkte dieser Ausgabe zu erleben.<br data-start=\"10816\" data-end=\"10819\" \/><strong data-start=\"10819\" data-end=\"10856\">Tickets erh\u00e4ltlich bei Entradium.<\/strong><\/p>\n<p data-start=\"3774\" data-end=\"4059\">\n<p><iframe loading=\"lazy\" title=\"Aires de Lima - Alba Serrano &amp; Crist\u00f3bal Montesdeoca D\u00fao\" width=\"500\" height=\"281\" src=\"https:\/\/www.youtube.com\/embed\/raoTjLmmMQE?feature=oembed\" frameborder=\"0\" allow=\"accelerometer; autoplay; clipboard-write; encrypted-media; gyroscope; picture-in-picture; web-share\" referrerpolicy=\"strict-origin-when-cross-origin\" allowfullscreen><\/iframe><\/p>\n","protected":false},"featured_media":2229,"template":"page-templates\/single-artista.php","class_list":{"0":"post-2232","1":"artistas","2":"type-artistas","3":"status-publish","4":"has-post-thumbnail","6":"entry"},"_links":{"self":[{"href":"https:\/\/nosoloboleros.com\/de\/wp-json\/wp\/v2\/artistas\/2232","targetHints":{"allow":["GET"]}}],"collection":[{"href":"https:\/\/nosoloboleros.com\/de\/wp-json\/wp\/v2\/artistas"}],"about":[{"href":"https:\/\/nosoloboleros.com\/de\/wp-json\/wp\/v2\/types\/artistas"}],"wp:featuredmedia":[{"embeddable":true,"href":"https:\/\/nosoloboleros.com\/de\/wp-json\/wp\/v2\/media\/2229"}],"wp:attachment":[{"href":"https:\/\/nosoloboleros.com\/de\/wp-json\/wp\/v2\/media?parent=2232"}],"curies":[{"name":"wp","href":"https:\/\/api.w.org\/{rel}","templated":true}]}}